{"id":513,"date":"2021-09-17T15:05:53","date_gmt":"2021-09-17T18:05:53","guid":{"rendered":"https:\/\/www.gruposcap.com.br\/portal\/?page_id=513"},"modified":"2021-09-17T15:11:04","modified_gmt":"2021-09-17T18:11:04","slug":"politica-de-privacidade","status":"publish","type":"page","link":"https:\/\/www.gruposcap.com.br\/portal\/politica-de-privacidade\/","title":{"rendered":"Pol\u00edtica de Privacidade"},"content":{"rendered":"<p>[vc_row full_width=&#8221;stretch_row&#8221; equal_height=&#8221;yes&#8221; parallax=&#8221;content-moving&#8221; parallax_image=&#8221;318&#8243; css=&#8221;.vc_custom_1616504448033{padding-top: 30px !important;padding-bottom: -30px !important;}&#8221;][vc_column css=&#8221;.vc_custom_1616504595867{padding-top: 15px !important;padding-bottom: 250px !important;}&#8221;][vc_column_text css=&#8221;.vc_custom_1631901879369{padding-bottom: 30px !important;}&#8221;]<\/p>\n<h2 style=\"text-align: center;\">Pol\u00edtica de Privacidade<\/h2>\n<p>[\/vc_column_text][vc_row_inner][vc_column_inner width=&#8221;1\/5&#8243;][\/vc_column_inner][vc_column_inner width=&#8221;3\/5&#8243;][vc_column_text css=&#8221;.vc_custom_1631901949785{padding-top: 25px !important;padding-right: 25px !important;padding-bottom: 25px !important;padding-left: 25px !important;background-color: #f7f7f7 !important;border-radius: 15px !important;}&#8221;]<\/p>\n<div><\/div>\n<div><\/div>\n<div><\/div>\n<div><\/div>\n<p>[\/vc_column_text][vc_column_text css=&#8221;.vc_custom_1631901896502{padding-top: 25px !important;padding-right: 25px !important;padding-bottom: 25px !important;padding-left: 25px !important;background-color: #f7f7f7 !important;border-radius: 15px !important;}&#8221;]Para fins desta pol\u00edtica e em conson\u00e2ncia com o disposto na Lei Geral de Prote\u00e7\u00e3o de Dados (Lei n\u00ba 13.709, de 14 de agosto de 2018), considerar-se-\u00e1:<\/p>\n<p><strong>a)<\/strong>\u00a0BANCO DE DADOS: conjunto estruturado de dados pessoais, estabelecido em um ou em v\u00e1rios locais, em suporte eletr\u00f4nico ou f\u00edsico;<\/p>\n<p><strong>b)\u00a0<\/strong>TITULAR: pessoa natural a quem se referem os dados pessoais que s\u00e3o objeto de tratamento;<\/p>\n<p><strong>c)\u00a0<\/strong>CONTROLADOR: pessoa natural ou jur\u00eddica, de direito p\u00fablico ou privado, a quem competem as decis\u00f5es referentes ao tratamento de dados pessoais;<\/p>\n<p><strong>d)\u00a0<\/strong>OPERADOR: pessoa natural ou jur\u00eddica, de direito p\u00fablico ou privado, que realiza o tratamento de dados pessoais em nome do controlador;<\/p>\n<p><strong>e)<\/strong>\u00a0DADO PESSOAL: informa\u00e7\u00e3o relacionada a pessoa natural identificada ou identific\u00e1vel;<\/p>\n<p><strong>f)<\/strong>\u00a0DADO ANONIMIZADO: dado relativo a titular que n\u00e3o possa ser identificado, considerando a utiliza\u00e7\u00e3o de meios t\u00e9cnicos razo\u00e1veis e dispon\u00edveis na ocasi\u00e3o de seu tratamento;<\/p>\n<p><strong>g)<\/strong>\u00a0TRATAMENTO: toda opera\u00e7\u00e3o realizada com dados pessoais, como as que se referem a coleta, produ\u00e7\u00e3o, recep\u00e7\u00e3o, classifica\u00e7\u00e3o, utiliza\u00e7\u00e3o, acesso, reprodu\u00e7\u00e3o, transmiss\u00e3o, distribui\u00e7\u00e3o, processamento, arquivamento, armazenamento, elimina\u00e7\u00e3o, avalia\u00e7\u00e3o ou controle da informa\u00e7\u00e3o, modifica\u00e7\u00e3o, comunica\u00e7\u00e3o, transfer\u00eancia, difus\u00e3o ou extra\u00e7\u00e3o;<\/p>\n<p><strong>h)\u00a0<\/strong>ANONIMIZA\u00c7\u00c3O: utiliza\u00e7\u00e3o de meios t\u00e9cnicos razo\u00e1veis e dispon\u00edveis no momento do tratamento, por meio dos quais um dado perde a possibilidade de associa\u00e7\u00e3o, direta ou indireta, a um indiv\u00edduo;<\/p>\n<p><strong>i)<\/strong>\u00a0CONSENTIMENTO: manifesta\u00e7\u00e3o livre, informada e inequ\u00edvoca pela qual o titular concorda com o tratamento de seus dados pessoais para uma finalidade determinada;<\/p>\n<p><strong>j)\u00a0<\/strong>FINALIDADE: realiza\u00e7\u00e3o do tratamento para prop\u00f3sitos leg\u00edtimos, espec\u00edficos, expl\u00edcitos e informados ao titular, sem possibilidade de tratamento posterior de forma incompat\u00edvel com essas finalidades;<\/p>\n<p><strong>k)\u00a0<\/strong>BLOQUEIO: suspens\u00e3o tempor\u00e1ria de qualquer opera\u00e7\u00e3o de tratamento, mediante guarda do dado pessoal ou do banco de dados;<\/p>\n<p><strong>l)\u00a0<\/strong>ELIMINA\u00c7\u00c3O: exclus\u00e3o de dado ou de conjunto de dados armazenados em banco de dados, independentemente do procedimento empregado;<\/p>\n<p><strong>m)<\/strong>\u00a0NACIONAL: \u00f3rg\u00e3o da administra\u00e7\u00e3o p\u00fablica indireta respons\u00e1vel por zelar, implementar e fiscalizar o cumprimento da Lei Geral de Prote\u00e7\u00e3o de Dados (Lei n\u00ba 13.709, de 14 de agosto de 2018), se houver.<\/p>\n<p>Este documento visa registrar a manifesta\u00e7\u00e3o livre, informada e inequ\u00edvoca pela qual o Titular concorda com o tratamento de seus dados pessoais para finalidade espec\u00edfica, em conformidade com a Lei n\u00ba 13.709 \u2013 Lei Geral de Prote\u00e7\u00e3o de Dados Pessoais (LGPD).<\/p>\n<p>O Titular consente e concorda que o Grupo Cap, doravante denominada Controladora, tome decis\u00f5es referentes ao tratamento de seus dados pessoais, bem como realize o tratamento de seus dados pessoais, envolvendo opera\u00e7\u00f5es como as que se referem a coleta, produ\u00e7\u00e3o, recep\u00e7\u00e3o, classifica\u00e7\u00e3o, utiliza\u00e7\u00e3o, acesso, reprodu\u00e7\u00e3o, transmiss\u00e3o, distribui\u00e7\u00e3o, processamento, arquivamento, armazenamento, elimina\u00e7\u00e3o, avalia\u00e7\u00e3o ou controle da informa\u00e7\u00e3o, modifica\u00e7\u00e3o, comunica\u00e7\u00e3o, transfer\u00eancia, difus\u00e3o ou extra\u00e7\u00e3o.[\/vc_column_text][\/vc_column_inner][vc_column_inner width=&#8221;1\/5&#8243;][\/vc_column_inner][\/vc_row_inner][\/vc_column][\/vc_row]<\/p>\n","protected":false},"excerpt":{"rendered":"<p>[vc_row full_width=&#8221;stretch_row&#8221; equal_height=&#8221;yes&#8221; parallax=&#8221;content-moving&#8221; parallax_image=&#8221;318&#8243; css=&#8221;.vc_custom_1616504448033{padding-top: 30px !important;padding-bottom: -30px !important;}&#8221;][vc_column css=&#8221;.vc_custom_1616504595867{padding-top: 15px !important;padding-bottom: 250px !important;}&#8221;][vc_column_text css=&#8221;.vc_custom_1631901879369{padding-bottom: 30px !important;}&#8221;] Pol\u00edtica de Privacidade [\/vc_column_text][vc_row_inner][vc_column_inner width=&#8221;1\/5&#8243;][\/vc_column_inner][vc_column_inner width=&#8221;3\/5&#8243;][vc_column_text css=&#8221;.vc_custom_1631901949785{padding-top: 25px !important;padding-right: 25px !important;padding-bottom: 25px !important;padding-left: 25px !important;background-color: #f7f7f7 !important;border-radius: 15px !important;}&#8221;] [\/vc_column_text][vc_column_text css=&#8221;.vc_custom_1631901896502{padding-top: 25px !important;padding-right: 25px !important;padding-bottom: 25px !important;padding-left: 25px !important;background-color: #f7f7f7 !important;border-radius: 15px !important;}&#8221;]Para fins desta pol\u00edtica e [&hellip;]<\/p>\n","protected":false},"author":1,"featured_media":0,"parent":0,"menu_order":0,"comment_status":"closed","ping_status":"closed","template":"","meta":{"footnotes":""},"class_list":["post-513","page","type-page","status-publish","hentry"],"_links":{"self":[{"href":"https:\/\/www.gruposcap.com.br\/portal\/wp-json\/wp\/v2\/pages\/513","targetHints":{"allow":["GET"]}}],"collection":[{"href":"https:\/\/www.gruposcap.com.br\/portal\/wp-json\/wp\/v2\/pages"}],"about":[{"href":"https:\/\/www.gruposcap.com.br\/portal\/wp-json\/wp\/v2\/types\/page"}],"author":[{"embeddable":true,"href":"https:\/\/www.gruposcap.com.br\/portal\/wp-json\/wp\/v2\/users\/1"}],"replies":[{"embeddable":true,"href":"https:\/\/www.gruposcap.com.br\/portal\/wp-json\/wp\/v2\/comments?post=513"}],"version-history":[{"count":4,"href":"https:\/\/www.gruposcap.com.br\/portal\/wp-json\/wp\/v2\/pages\/513\/revisions"}],"predecessor-version":[{"id":517,"href":"https:\/\/www.gruposcap.com.br\/portal\/wp-json\/wp\/v2\/pages\/513\/revisions\/517"}],"wp:attachment":[{"href":"https:\/\/www.gruposcap.com.br\/portal\/wp-json\/wp\/v2\/media?parent=513"}],"curies":[{"name":"wp","href":"https:\/\/api.w.org\/{rel}","templated":true}]}}